{"id":46981,"date":"2025-06-13T13:39:38","date_gmt":"2025-06-13T11:39:38","guid":{"rendered":"https:\/\/figueras.com\/project\/kultureller-marktplatz-hilchenbach-germany\/"},"modified":"2025-10-29T12:49:41","modified_gmt":"2025-10-29T11:49:41","slug":"kultureller-marktplatz-hilchenbach-allemagne","status":"publish","type":"project","link":"https:\/\/figueras.com\/fr\/projet\/kultureller-marktplatz-hilchenbach-allemagne\/","title":{"rendered":"Kultureller Marktplatz"},"content":{"rendered":"<p>Le Kultureller Marktplatz, situ\u00e9 dans le quartier de Dahlbruch \u00e0 Hilchenbach (Allemagne), a r\u00e9nov\u00e9 et agrandi son centre culturel avec plusieurs espaces polyvalents et une nouvelle salle de cin\u00e9ma, dans le but clair de devenir un v\u00e9ritable lieu de rencontre pour la communaut\u00e9.<\/p>\n<p>Dans ce projet, con\u00e7u par le studio Reinhard Angelis Architektur, l\u2019auditorium se distingue par son design modulaire : sc\u00e8ne polyvalente, technologie de pointe et acoustique parfaite. Figueras a \u00e9quip\u00e9 la salle avec le mod\u00e8le Aptum 247, un si\u00e8ge en bois sp\u00e9cialement con\u00e7u pour les auditoriums et les th\u00e9\u00e2tres, offrant des performances acoustiques exceptionnelles. Le cin\u00e9ma dispose d\u2019une capacit\u00e9 d\u2019accueil r\u00e9duite, id\u00e9ale pour des projections et des \u00e9v\u00e9nements de petit format.<\/p>\n<p>Au-del\u00e0 de sa fonction de cin\u00e9ma, l\u2019espace sera utilis\u00e9 pour tous types d\u2019\u00e9v\u00e9nements audiovisuels, ainsi que pour des spectacles scolaires, des conf\u00e9rences et des lectures, remplissant ainsi pleinement sa mission culturelle et sociale.<\/p>\n","protected":false},"featured_media":48609,"template":"","categories":[149,154],"tags":[],"country":[679],"product_rel_tag":[440],"system_rel_tag":[],"class_list":["post-46981","project","type-project","status-publish","has-post-thumbnail","hentry","category-auditorium-and-conference-rooms-fr","category-seats-for-cinema-fr","country-germany-fr","product_rel_tag-aptum-247-fr"],"acf":[],"_links":{"self":[{"href":"https:\/\/figueras.com\/fr\/wp-json\/wp\/v2\/project\/46981","targetHints":{"allow":["GET"]}}],"collection":[{"href":"https:\/\/figueras.com\/fr\/wp-json\/wp\/v2\/project"}],"about":[{"href":"https:\/\/figueras.com\/fr\/wp-json\/wp\/v2\/types\/project"}],"version-history":[{"count":0,"href":"https:\/\/figueras.com\/fr\/wp-json\/wp\/v2\/project\/46981\/revisions"}],"wp:featuredmedia":[{"embeddable":true,"href":"https:\/\/figueras.com\/fr\/wp-json\/wp\/v2\/media\/48609"}],"wp:attachment":[{"href":"https:\/\/figueras.com\/fr\/wp-json\/wp\/v2\/media?parent=46981"}],"wp:term":[{"taxonomy":"category","embeddable":true,"href":"https:\/\/figueras.com\/fr\/wp-json\/wp\/v2\/categories?post=46981"},{"taxonomy":"post_tag","embeddable":true,"href":"https:\/\/figueras.com\/fr\/wp-json\/wp\/v2\/tags?post=46981"},{"taxonomy":"country","embeddable":true,"href":"https:\/\/figueras.com\/fr\/wp-json\/wp\/v2\/country?post=46981"},{"taxonomy":"product_rel_tag","embeddable":true,"href":"https:\/\/figueras.com\/fr\/wp-json\/wp\/v2\/product_rel_tag?post=46981"},{"taxonomy":"system_rel_tag","embeddable":true,"href":"https:\/\/figueras.com\/fr\/wp-json\/wp\/v2\/system_rel_tag?post=46981"}],"curies":[{"name":"wp","href":"https:\/\/api.w.org\/{rel}","templated":true}]}}