{"id":45578,"date":"2025-05-07T11:16:42","date_gmt":"2025-05-07T09:16:42","guid":{"rendered":"https:\/\/figueras.com\/project\/sava-centar\/"},"modified":"2026-03-20T13:23:12","modified_gmt":"2026-03-20T12:23:12","slug":"sava-centar","status":"publish","type":"project","link":"https:\/\/figueras.com\/fr\/projet\/sava-centar\/","title":{"rendered":"Sava Centar"},"content":{"rendered":"<p>Le Sava Centar, l\u2019un des plus grands centres de congr\u00e8s, culturels et d\u2019affaires du sud de l\u2019Europe, est un v\u00e9ritable embl\u00e8me de l\u2019architecture moderne \u00e0 Belgrade. Apr\u00e8s une r\u00e9novation compl\u00e8te qui pr\u00e9serve son h\u00e9ritage architectural tout en int\u00e9grant des am\u00e9liorations en mati\u00e8re d\u2019efficacit\u00e9 et de fonctionnalit\u00e9, le b\u00e2timent retrouve son statut de r\u00e9f\u00e9rence internationale.<\/p>\n<p>Figueras Seating a \u00e9quip\u00e9 deux de ses principales salles avec des solutions sur mesure : la Plava Dvorana, avec plus de 4 000 fauteuils Talas, sp\u00e9cialement con\u00e7us pour r\u00e9interpr\u00e9ter le mod\u00e8le original et am\u00e9liorer la fonctionnalit\u00e9, le confort et la durabilit\u00e9\u202f; et la Main Congress Hall, \u00e9quip\u00e9e de 1 200 chaises Tulipa, l\u00e9g\u00e8res, ergonomiques et dot\u00e9es de tablettes \u00e9critoires rabattables, offrant une fonctionnalit\u00e9 et une polyvalence maximales pour les centres de congr\u00e8s, les salles de conf\u00e9rences et les \u00e9v\u00e9nements de formation.<\/p>\n<p>Avec ce projet, Figueras confirme son expertise dans la conception et la fabrication de si\u00e8ges personnalis\u00e9s pour les auditoriums, les centres de congr\u00e8s et les espaces culturels, en s\u2019adaptant aux besoins sp\u00e9cifiques de chaque client et projet.<\/p>\n","protected":false},"featured_media":49101,"template":"","categories":[149,172],"tags":[813],"country":[857],"product_rel_tag":[858,859],"system_rel_tag":[],"class_list":["post-45578","project","type-project","status-publish","has-post-thumbnail","hentry","category-auditorium-and-conference-rooms-fr","category-congress-centres-fr","tag-case-fr","country-serbia-fr","product_rel_tag-bespoke-seat-fr","product_rel_tag-tulipa-630-fr"],"acf":[],"_links":{"self":[{"href":"https:\/\/figueras.com\/fr\/wp-json\/wp\/v2\/project\/45578","targetHints":{"allow":["GET"]}}],"collection":[{"href":"https:\/\/figueras.com\/fr\/wp-json\/wp\/v2\/project"}],"about":[{"href":"https:\/\/figueras.com\/fr\/wp-json\/wp\/v2\/types\/project"}],"version-history":[{"count":0,"href":"https:\/\/figueras.com\/fr\/wp-json\/wp\/v2\/project\/45578\/revisions"}],"wp:featuredmedia":[{"embeddable":true,"href":"https:\/\/figueras.com\/fr\/wp-json\/wp\/v2\/media\/49101"}],"wp:attachment":[{"href":"https:\/\/figueras.com\/fr\/wp-json\/wp\/v2\/media?parent=45578"}],"wp:term":[{"taxonomy":"category","embeddable":true,"href":"https:\/\/figueras.com\/fr\/wp-json\/wp\/v2\/categories?post=45578"},{"taxonomy":"post_tag","embeddable":true,"href":"https:\/\/figueras.com\/fr\/wp-json\/wp\/v2\/tags?post=45578"},{"taxonomy":"country","embeddable":true,"href":"https:\/\/figueras.com\/fr\/wp-json\/wp\/v2\/country?post=45578"},{"taxonomy":"product_rel_tag","embeddable":true,"href":"https:\/\/figueras.com\/fr\/wp-json\/wp\/v2\/product_rel_tag?post=45578"},{"taxonomy":"system_rel_tag","embeddable":true,"href":"https:\/\/figueras.com\/fr\/wp-json\/wp\/v2\/system_rel_tag?post=45578"}],"curies":[{"name":"wp","href":"https:\/\/api.w.org\/{rel}","templated":true}]}}