{"id":45286,"date":"2025-04-14T12:59:46","date_gmt":"2025-04-14T10:59:46","guid":{"rendered":"https:\/\/figueras.com\/project\/fish-market-of-the-port-of-barcelona\/"},"modified":"2025-04-14T13:19:31","modified_gmt":"2025-04-14T11:19:31","slug":"halle-aux-poissons-du-port-de-barcelone","status":"publish","type":"project","link":"https:\/\/figueras.com\/fr\/projet\/halle-aux-poissons-du-port-de-barcelone\/","title":{"rendered":"Halle aux Poissons du Port de Barcelone"},"content":{"rendered":"<p><span data-contrast=\"auto\">La nouvelle salle des ench\u00e8res de la Halle aux Poissons du Port de Barcelone a \u00e9t\u00e9 \u00e9quip\u00e9e de <\/span><strong><span data-contrast=\"auto\">56 fauteuils Arena de Figueras Seating<\/span><\/strong><span data-contrast=\"auto\">, un mod\u00e8le sp\u00e9cialement s\u00e9lectionn\u00e9 pour sa r\u00e9sistance, sa fonctionnalit\u00e9 et son design compact. Cette installation <\/span><strong><span data-contrast=\"auto\">r\u00e9pond aux exigences d\u2019un espace \u00e0 usage intensif<\/span><\/strong><span data-contrast=\"auto\">, avec jusqu\u2019\u00e0 deux ventes de poissons par jour, expos\u00e9 \u00e0 des conditions environnementales changeantes typiques d\u2019un environnement portuaire.<\/span><span data-ccp-props=\"{}\">\u00a0<\/span><\/p>\n<p><span data-contrast=\"auto\">Fabriqu\u00e9 en copolym\u00e8re de polypropyl\u00e8ne, le mod\u00e8le Arena se distingue par sa durabilit\u00e9 face \u00e0 l\u2019usure et sa facilit\u00e9 d\u2019entretien, tout en garantissant le confort n\u00e9cessaire \u00e0 un usage prolong\u00e9. Son design polyvalent permet une disposition ordonn\u00e9e et efficace des rang\u00e9es, optimisant l\u2019espace disponible et apportant \u00e0 la salle une esth\u00e9tique soign\u00e9e et contemporaine.<\/span><span data-ccp-props=\"{}\">\u00a0<\/span><\/p>\n<p><span data-contrast=\"auto\">Le projet, con\u00e7u par les architectes <\/span><strong><span data-contrast=\"auto\">Carlos Ferrater, Luc\u00eda Ferrater (agence OAB) et Jes\u00fas Coll<\/span><\/strong><span data-contrast=\"auto\">, a \u00e9t\u00e9 r\u00e9compens\u00e9 par le <\/span><strong><span data-contrast=\"auto\">Prix Ciutat de Barcelona<\/span><\/strong><span data-contrast=\"auto\">, et incarne une nouvelle approche de l\u2019interaction entre fonctionnalit\u00e9 et design dans les espaces publics.<\/span><br \/>\n<span data-contrast=\"auto\">Notre intervention renforce le caract\u00e8re pratique et moderne de l\u2019installation, en accord avec notre engagement \u00e0 proposer des <\/span><strong><span data-contrast=\"auto\">solutions d\u2019assise durables et adapt\u00e9es \u00e0 chaque environnement<\/span><\/strong><span data-contrast=\"auto\">.<\/span><\/p>\n","protected":false},"featured_media":45271,"template":"","categories":[150],"tags":[],"country":[635],"product_rel_tag":[374],"system_rel_tag":[],"class_list":["post-45286","project","type-project","status-publish","has-post-thumbnail","hentry","category-corporate-rooms-fr","country-spain-fr","product_rel_tag-arena-302-fr"],"acf":[],"_links":{"self":[{"href":"https:\/\/figueras.com\/fr\/wp-json\/wp\/v2\/project\/45286","targetHints":{"allow":["GET"]}}],"collection":[{"href":"https:\/\/figueras.com\/fr\/wp-json\/wp\/v2\/project"}],"about":[{"href":"https:\/\/figueras.com\/fr\/wp-json\/wp\/v2\/types\/project"}],"version-history":[{"count":0,"href":"https:\/\/figueras.com\/fr\/wp-json\/wp\/v2\/project\/45286\/revisions"}],"wp:featuredmedia":[{"embeddable":true,"href":"https:\/\/figueras.com\/fr\/wp-json\/wp\/v2\/media\/45271"}],"wp:attachment":[{"href":"https:\/\/figueras.com\/fr\/wp-json\/wp\/v2\/media?parent=45286"}],"wp:term":[{"taxonomy":"category","embeddable":true,"href":"https:\/\/figueras.com\/fr\/wp-json\/wp\/v2\/categories?post=45286"},{"taxonomy":"post_tag","embeddable":true,"href":"https:\/\/figueras.com\/fr\/wp-json\/wp\/v2\/tags?post=45286"},{"taxonomy":"country","embeddable":true,"href":"https:\/\/figueras.com\/fr\/wp-json\/wp\/v2\/country?post=45286"},{"taxonomy":"product_rel_tag","embeddable":true,"href":"https:\/\/figueras.com\/fr\/wp-json\/wp\/v2\/product_rel_tag?post=45286"},{"taxonomy":"system_rel_tag","embeddable":true,"href":"https:\/\/figueras.com\/fr\/wp-json\/wp\/v2\/system_rel_tag?post=45286"}],"curies":[{"name":"wp","href":"https:\/\/api.w.org\/{rel}","templated":true}]}}